{"id":10520,"date":"2021-10-20T20:48:31","date_gmt":"2021-10-20T18:48:31","guid":{"rendered":"https:\/\/www.mk-med.ch\/anaesthesie-intensiv-op1\/"},"modified":"2024-05-26T20:41:39","modified_gmt":"2024-05-26T18:41:39","slug":"anesthesie-soins-intensifs-salle-doperation","status":"publish","type":"page","link":"https:\/\/www.mk-med.ch\/fr\/anesthesie-soins-intensifs-salle-doperation\/","title":{"rendered":"Anesth\u00e9sie \/ Soins intensifs \/ Salle d&#8217;op\u00e9ration"},"content":{"rendered":"\n<h2>\n\t\tAnesth\u00e9sie \/ Soins intensifs \/ Salle d&#8217;op\u00e9ration\n\t<\/h2>\n\t<p>L&#8217;\u00e9quipement m\u00e9dical dans les h\u00f4pitaux et les cliniques est d\u00e9terminant pour que le traitement du patient soit s\u00fbr et r\u00e9ussi. Notre vaste gamme de produits offre un large choix d&#8217;accessoires destin\u00e9s \u00e0 l&#8217;anesth\u00e9sie et \u00e0 la m\u00e9decine intensive.<\/p>\n<ul>\n<li>Tubes de fixation endotrach\u00e9aux<\/li>\n<li>Sondes d&#8217;intubation et syst\u00e8mes de respiration artificielle<\/li>\n<li>Connecteurs<\/li>\n<li>Brassards de perfusion \u00e0 pression<\/li>\n<li>Appareils de perfusion \u00e0 pression<\/li>\n<li>Trach\u00e9otomie<\/li>\n<li>Tr\u00e9pieds et supports de tuyaux<\/li>\n<li>Raccords de tuyaux<\/li>\n<li>Tuyaux en silicone lisses<\/li>\n<\/ul>\n<p>Nous sommes les distributeurs exclusifs des marques suivantes:<\/p>\n\t\t\t\t<a href=\"https:\/\/de.intersurgical.com\/\" target=\"_blank\" rel=\"noopener\" itemprop=\"url\">\n\t\t\t\t<img decoding=\"async\" src=\"http:\/\/www.mk-med.ch\/wordpress\/wp-content\/uploads\/2021\/10\/Neues-Projekt-17.jpg\" alt=\"Neues Projekt (17)\" itemprop=\"image\" title=\"Neues Projekt (17)\" onerror=\"this.style.display='none'\"  \/>\n\t\t\t\t<\/a>\n\t<h3>Intersurgical GmbH<\/h3>\n<p>Intersurgical est l&#8217;un des principaux d\u00e9veloppeurs, fabricants et fournisseurs de dispositifs \u00e0 usage unique pour l&#8217;assistance respiratoire. Cette entreprise offre des solutions adaptables \u00e0 chaque patient eu \u00e9gard \u00e0 la gestion des voies respiratoires, l&#8217;anesth\u00e9sie, l&#8217;oxyg\u00e9noth\u00e9rapie et l&#8217;a\u00e9rosolth\u00e9rapie, ainsi que dans le domaine des soins intensifs et des soins \u00e0 domicile.<\/p>\n<p>Gr\u00e2ce \u00e0 ses 25 ans d&#8217;exp\u00e9rience, elle connait parfaitement l&#8217;environnement clinique en constante \u00e9volution, les d\u00e9fis \u00e0 relever, ainsi que les besoins des clients et des patients.<\/p>\n<p>Son approche garantit le respect des normes les plus exigeantes en mati\u00e8re de conception, de fabrication, de qualit\u00e9 et de service \u00e0 la client\u00e8le, ce qui permet de r\u00e9pondre rapidement et efficacement aux demandes des clients. Son objectif est de fournir les meilleures solutions possibles aux patients et aux utilisateurs soucieux de qualit\u00e9, d&#8217;innovation et de service fiable.<\/p>\n\t\t\t\t<a href=\"https:\/\/de.intersurgical.com\/\" target=\"_self\" itemprop=\"url\" rel=\"noopener\">\n\t\t\t\t<img decoding=\"async\" src=\"http:\/\/www.mk-med.ch\/wordpress\/wp-content\/uploads\/2022\/01\/images-300x44.png\" alt=\"images\" itemprop=\"image\" title=\"images\" onerror=\"this.style.display='none'\"  \/>\n\t\t\t\t<\/a>\n\t<h3>corpuls &#8211; GS Elektromedizinische Ger\u00e4te G. Stemple GmbH<\/h3>\n<p>Qualit\u00e9, durabilit\u00e9 et robustesse maximales, adapt\u00e9es \u00e0 l&#8217;environnement sp\u00e9cifique de l&#8217;intervention d&#8217;urgence: telle est l&#8217;exigence appliqu\u00e9e par GS Elektromedizinische Ger\u00e4te G. Stemple GmbH \u00e0 ses d\u00e9fibrillateurs, ses syst\u00e8mes de surveillance des patients, ses appareils de compression thoracique et ses solutions logicielles.<\/p>\n<p>D\u00e8s la phase de d\u00e9veloppement du produit, la firme pense \u00e0 sa future application et pr\u00e9pare ses appareils aux mises \u00e0 jour logicielles et mat\u00e9rielles \u00e0 venir. Ainsi, m\u00eame\u00a0apr\u00e8s des d\u00e9cennies, les produits d\u00e9velopp\u00e9s par Corpuls restent \u00e0 la pointe\u00a0de la technologie et sont contr\u00f4l\u00e9s en cons\u00e9quence.<\/p>\n\t\t\t\t<a href=\"https:\/\/corpuls.world\/\" target=\"_self\" itemprop=\"url\" rel=\"noopener\">\n\t\t\t\t<img decoding=\"async\" src=\"http:\/\/www.mk-med.ch\/wordpress\/wp-content\/uploads\/2021\/03\/corpuls-1-300x61.jpg\" alt=\"Corpuls Logo\" itemprop=\"image\" title=\"corpuls\" onerror=\"this.style.display='none'\"  \/>\n\t\t\t\t<\/a>\n\t\t\t\t<a href=\"https:\/\/corpuls.world\/\" target=\"_blank\" rel=\"noopener\" itemprop=\"url\">\n\t\t\t\t<img decoding=\"async\" src=\"http:\/\/www.mk-med.ch\/wordpress\/wp-content\/uploads\/2022\/03\/corpuls-3t-1.jpg\" alt=\"corpuls 3t (1)\" itemprop=\"image\" title=\"corpuls 3t (1)\" onerror=\"this.style.display='none'\"  \/>\n\t\t\t\t<\/a>\n\t\t\t\t<a href=\"https:\/\/www.serres.com\/de\" target=\"_blank\" rel=\"noopener\" itemprop=\"url\">\n\t\t\t\t<img decoding=\"async\" src=\"http:\/\/www.mk-med.ch\/wordpress\/wp-content\/uploads\/2021\/10\/Neues-Projekt-20.jpg\" alt=\"Neues Projekt (20)\" itemprop=\"image\" title=\"Neues Projekt (20)\" onerror=\"this.style.display='none'\"  \/>\n\t\t\t\t<\/a>\n\t\t\t\t<a href=\"https:\/\/www.serres.com\/de\" target=\"_blank\" rel=\"noopener\" itemprop=\"url\">\n\t\t\t\t<img decoding=\"async\" src=\"http:\/\/www.mk-med.ch\/wordpress\/wp-content\/uploads\/2024\/05\/Serres-nemo.png\" alt=\"Serres nemo\" itemprop=\"image\" title=\"Serres nemo\" onerror=\"this.style.display='none'\"  \/>\n\t\t\t\t<\/a>\n\t<h3>Serres Oy<\/h3>\n<p>Serres est l\u00e0 d\u00e8s le d\u00e9but de l&#8217;intervention. Gr\u00e2ce aux poches d&#8217;aspiration Serres, les chirurgiens visualisent les parties les plus importantes de leur intervention. Vous pouvez \u00eatre s\u00fbr que les liquides sont \u00e9vacu\u00e9s de la zone \u00e0 op\u00e9rer et aspir\u00e9s dans la poche.<\/p>\n<p>Les poches all\u00e8gent la charge du personnel soignant. Elles aident le chirurgien et garantissent que tout est en ordre du c\u00f4t\u00e9 du patient. Vous pouvez \u00eatre s\u00fbr que les poches d&#8217;aspiration fonctionnent de mani\u00e8re fiable.<\/p>\n<p>Elles sont l\u00e0 pour que la personne vidant la poche d&#8217;aspiration n&#8217;ait pas \u00e0 s&#8217;inqui\u00e9ter d&#8217;\u00e9ventuelles fuites dangereuses de liquides. Les poches d&#8217;aspiration Serres sont con\u00e7ues pour un usage soucieux d&#8217;hygi\u00e8ne sanitaire. Serres Nemo contribue d&#8217;ailleurs \u00e0 une \u00e9limination facile des poches.<\/p>\n<p>En mati\u00e8re d&#8217;aspiration, Serres propose des produits permettant \u00e0 tous les professionnels de sant\u00e9 travaillant dans ce champ de se concentrer sur leur c\u0153ur de m\u00e9tier. Ainsi, vous pouvez mieux prendre soin des patients! Vous pouvez vous concentrer sur l&#8217;essentiel: la sant\u00e9 du patient.<\/p>\n\t<h3>Serres Nemo<\/h3>\n<strong>Serres &#8211; Processus de travail responsable en salle d&#8217;op\u00e9ration<\/strong><br \/>\n<strong>\u00c9limination rentable &amp; durable des fluides chirurgicaux<\/strong>\n<p>L&#8217;appareil d&#8217;\u00e9limination des liquides Serres Nemo assure la vidange de la poche d&#8217;aspiration Serres de mani\u00e8re hygi\u00e9nique et r\u00e9duit consid\u00e9rablement la quantit\u00e9 de d\u00e9chets qui en r\u00e9sulte.<\/p>\n<p>Avec Serres Nemo, un dispositif d&#8217;\u00e9limination des poches d&#8217;aspiration sur place, les h\u00f4pitaux peuvent r\u00e9duire jusqu&#8217;\u00e0 97% la quantit\u00e9 de d\u00e9chets g\u00e9n\u00e9r\u00e9s lors de l&#8217;\u00e9vacuation des liquides, ce qui repr\u00e9sente \u00e9galement jusqu&#8217;\u00e0 97% d&#8217;\u00e9conomies de co\u00fbts et de CO2e.<\/p>\n<ul>\n<li>Efficacit\u00e9 des co\u00fbts<\/li>\n<li>Jusqu&#8217;\u00e0 97% d&#8217;\u00e9conomies sur les co\u00fbts d&#8217;\u00e9limination des d\u00e9chets.<\/li>\n<li>Durabilit\u00e9<\/li>\n<li>Moins de d\u00e9chets, moins de logistique et moins d&#8217;\u00e9missions de CO2e.<\/li>\n<li>S\u00e9curit\u00e9<\/li>\n<li>S\u00e9curit\u00e9 du travail am\u00e9lior\u00e9e, risque de contamination minimis\u00e9<\/li>\n<\/ul>\n<p>Pour en savoir plus : <a href=\"https:\/\/www.serres.com\/fluid-disposal\/\">https:\/\/www.serres.com\/fluid-disposal\/<\/a><\/p>\n\t\t\t\t<a href=\"https:\/\/www.serres.com\/de\" target=\"_self\" itemprop=\"url\" rel=\"noopener\">\n\t\t\t\t<img decoding=\"async\" src=\"http:\/\/www.mk-med.ch\/wordpress\/wp-content\/uploads\/2021\/03\/seress_logo-300x79.jpg\" alt=\"Serres Logo\" itemprop=\"image\" title=\"seress_logo\" onerror=\"this.style.display='none'\"  \/>\n\t\t\t\t<\/a>\n\t<h3>AVANOS Medical<\/h3>\n<p>Avanos est une soci\u00e9t\u00e9 de technologie m\u00e9dicale, qui se concentre sur la fourniture de solutions r\u00e9volutionnaires et sup\u00e9rieures du point de vue clinique, dans le but de permettre aux patients de refaire les choses importantes de leur vie.<\/p>\n<p>L&#8217;entreprise est convaincue que ses produits, ses m\u00e9thodes de travail, ses communications et enfin ses partenariats font la diff\u00e9rence qui peut apporter des changements dans le monde entier.<\/p>\n<p>Elle s&#8217;est engag\u00e9e \u00e0 offrir une nouvelle g\u00e9n\u00e9ration de solutions innovantes pour lutter contre les principaux probl\u00e8mes de sant\u00e9, tels que la r\u00e9duction de l&#8217;administration d&#8217;opio\u00efdes coupl\u00e9e \u00e0 une meilleure r\u00e9cup\u00e9ration postop\u00e9ratoire.<\/p>\n<p>Elle d\u00e9veloppe, produit et commercialise des marques reconnues dans plus de 90 pays.<\/p>\n\t\t\t\t<a href=\"https:\/\/avanos.com\/\" target=\"_self\" itemprop=\"url\" rel=\"noopener\">\n\t\t\t\t<img decoding=\"async\" src=\"http:\/\/www.mk-med.ch\/wordpress\/wp-content\/uploads\/2021\/03\/avanos_Logo-300x79.jpg\" alt=\"Avanos Logo\" itemprop=\"image\" title=\"avanos_Logo\" onerror=\"this.style.display='none'\"  \/>\n\t\t\t\t<\/a>\n\t\t\t\t<a href=\"https:\/\/avanos.com\/\" target=\"_blank\" rel=\"noopener\" itemprop=\"url\">\n\t\t\t\t<img decoding=\"async\" src=\"http:\/\/www.mk-med.ch\/wordpress\/wp-content\/uploads\/2022\/04\/346x550_Subglottic.jpg\" alt=\"346x550_Subglottic\" itemprop=\"image\" title=\"346x550_Subglottic\" onerror=\"this.style.display='none'\"  \/>\n\t\t\t\t<\/a>\n\t\t\t\t<a href=\"https:\/\/www.nonin.com\" target=\"_blank\" rel=\"noopener\" itemprop=\"url\">\n\t\t\t\t<img decoding=\"async\" src=\"http:\/\/www.mk-med.ch\/wordpress\/wp-content\/uploads\/2022\/03\/Product_X100-0a766af-1.jpg\" alt=\"Product_X100-0a766af (1)\" itemprop=\"image\" title=\"Product_X100-0a766af (1)\" onerror=\"this.style.display='none'\"  \/>\n\t\t\t\t<\/a>\n\t<h3>Nonin Medical, Inc. &#8211; SenSmart<\/h3>\n<p>Aujourd&#8217;hui, Nonin Medical est reconnu dans le monde entier comme un innovateur dans le traitement du signal et la conception de capteurs; ses technologies sont utilis\u00e9es par des centaines de fabricants de dispositifs m\u00e9dicaux. Les produits de cette soci\u00e9t\u00e9 comprennent des oxym\u00e8tres de pouls, des oxym\u00e8tres r\u00e9gionaux, des capnographes, des capteurs, des logiciels et des accessoires. Bas\u00e9e \u00e0 Minneapolis dans le Minnesota, aux \u00c9tats-Unis, et disposant d&#8217;une antenne \u00e0 Amsterdam aux Pays-Bas, Nonin distribue ses produits aux professionnels de la sant\u00e9 et aux utilisateurs dans plus de 125 pays.<\/p>\n\t\t\t\t<a href=\"https:\/\/www.nonin.com\/\" target=\"_self\" itemprop=\"url\" rel=\"noopener\">\n\t\t\t\t<img decoding=\"async\" src=\"http:\/\/www.mk-med.ch\/wordpress\/wp-content\/uploads\/2021\/03\/nonin_logo-300x79.jpg\" alt=\"nonin_logo\" itemprop=\"image\" title=\"nonin_logo\" onerror=\"this.style.display='none'\"  \/>\n\t\t\t\t<\/a>\n\t<h3>VBM Medizintechnik GmbH<\/h3>\n<p>Depuis 1981, VBM d\u00e9veloppe, produit et distribue des solutions m\u00e9dicales dans les domaines de la gestion des voies respiratoires, des accessoires pour l&#8217;anesth\u00e9sie et les soins intensifs ainsi que des syst\u00e8mes de garrot.<\/p>\n<p>L&#8217;entreprise familiale a \u00e9t\u00e9 fond\u00e9e il y a plus de 40 ans par Volker Bertram \u00e0 Sulz am Neckar. \u00abTout a commenc\u00e9 avec le tensiom\u00e8tre \u00e0 coussinets, aujourd&#8217;hui encore un champion insoup\u00e7onn\u00e9 de VBM\u00bb, explique Carina Bertram, qui dirige l&#8217;entreprise depuis 2016.<\/p>\n\t\t\t\t<a href=\"https:\/\/www.mk-med.ch\/wordpress\/wp-content\/uploads\/2021\/01\/Larynxtubus.pdf\" target=\"_self\" itemprop=\"url\" rel=\"noopener\">\n\t\t\t\t<img decoding=\"async\" src=\"http:\/\/www.mk-med.ch\/wordpress\/wp-content\/uploads\/2021\/03\/vbm-300x79.jpg\" alt=\"vbm\" itemprop=\"image\" title=\"vbm\" onerror=\"this.style.display='none'\"  \/>\n\t\t\t\t<\/a>\n\t\t\t\t<a href=\"http:\/\/www.mk-med.ch\/wordpress\/wp-content\/uploads\/2021\/01\/Larynxtubus.pdf\" target=\"_blank\" rel=\"noopener\" itemprop=\"url\">\n\t\t\t\t<img decoding=\"async\" src=\"http:\/\/www.mk-med.ch\/wordpress\/wp-content\/uploads\/2022\/03\/PIC01743_LTS-D_Hero_Mockup_001-1.jpg\" alt=\"PIC01743_LTS-D_Hero_Mockup_001 (1)\" itemprop=\"image\" title=\"PIC01743_LTS-D_Hero_Mockup_001 (1)\" onerror=\"this.style.display='none'\"  \/>\n\t\t\t\t<\/a>\n\t\t\t\t<a href=\"https:\/\/www.intersurgical.com\/info\/starmed\/\" target=\"_blank\" rel=\"noopener\" itemprop=\"url\">\n\t\t\t\t<img decoding=\"async\" src=\"http:\/\/www.mk-med.ch\/wordpress\/wp-content\/uploads\/2021\/10\/Neues-Projekt-24.jpg\" alt=\"Neues Projekt (24)\" itemprop=\"image\" title=\"Neues Projekt (24)\" onerror=\"this.style.display='none'\"  \/>\n\t\t\t\t<\/a>\n\t<h3>STARMED Spa<\/h3>\n<p>La gamme de heaumes de ventilation StarMed a \u00e9t\u00e9 con\u00e7ue pour une ventilation non invasive (VNI) et le traitement CPAP offrant une interface patient diff\u00e9rente des masques conventionnels.<\/p>\n<p>L&#8217;utilisation de l&#8217;interface du heaume aide \u00e0 surmonter bien des probl\u00e8mes rencontr\u00e9s lors de l&#8217;intubation endotrach\u00e9ale et de l&#8217;utilisation de masques faciaux. Elle est va de pair avec un plus grand confort pour le patient et une am\u00e9lioration des r\u00e9sultats de la VNI, ce qui entra\u00eene une r\u00e9duction du temps de ventilation et de la dur\u00e9e du s\u00e9jour en unit\u00e9 de soins intensifs.<\/p>\n<p>En plus des avantages cliniques des heaumes de ventilation pour le traitement des maladies respiratoires, l&#8217;interface StarMed s&#8217;est d\u00e9velopp\u00e9e gr\u00e2ce \u00e0 la semi-fermeture.<\/p>\n<p>L&#8217;environnement et l&#8217;\u00e9tanch\u00e9it\u00e9 concr\u00e8tement sans fuite se sont r\u00e9v\u00e9l\u00e9s \u00eatre un outil optimal pour r\u00e9duire le risque d&#8217;infections crois\u00e9es.<\/p>\n\t\t\t\t<a href=\"https:\/\/www.intersurgical.com\/info\/starmed\/\" target=\"_self\" itemprop=\"url\" rel=\"noopener\">\n\t\t\t\t<img decoding=\"async\" src=\"http:\/\/www.mk-med.ch\/wordpress\/wp-content\/uploads\/2021\/03\/star_med-300x79.jpg\" alt=\"StarMed Logo\" itemprop=\"image\" title=\"star_med\" onerror=\"this.style.display='none'\"  \/>\n\t\t\t\t<\/a>\n\t<h3>SEM-Plastomed GmbH<\/h3>\n<p>Depuis 1985, SEM-Plastomed GmbH rime avec solutions et services innovants dans le domaine de la transformation des mati\u00e8res plastiques et de la fabrication des produits sur le site allemand d&#8217;Obererbach. Ses clients issus des secteurs les plus divers font confiance \u00e0 ses pi\u00e8ces moul\u00e9es par injection, tuyaux et profil\u00e9s tr\u00e8s techniques, ainsi qu&#8217;\u00e0 des composants m\u00e9dicaux, des assemblages et des dispositifs m\u00e9dicaux st\u00e9riles ou non. Les produits sont d\u00e9velopp\u00e9s en \u00e9troite collaboration avec les clients et sont adapt\u00e9s \u00e0 leurs besoins individuels. Gr\u00e2ce \u00e0 des temps de r\u00e9action tr\u00e8s brefs, une mise en \u0153uvre rapide est assur\u00e9e. Cela vaut \u00e9galement pour le red\u00e9marrage de productions d\u00e9j\u00e0 en cours avec des outils existants.<\/p>\n\t\t\t\t<a href=\"https:\/\/www.plastomed.de\/\" target=\"_self\" itemprop=\"url\" rel=\"noopener\">\n\t\t\t\t<img decoding=\"async\" src=\"http:\/\/www.mk-med.ch\/wordpress\/wp-content\/uploads\/2021\/03\/plastomed-300x79.jpg\" alt=\"PlastoMed Logo\" itemprop=\"image\" title=\"plastomed\" onerror=\"this.style.display='none'\"  \/>\n\t\t\t\t<\/a>\n\t\t\t\t<a href=\"http:\/\/www.plastomed.de\/\" target=\"_blank\" rel=\"noopener\" itemprop=\"url\">\n\t\t\t\t<img decoding=\"async\" src=\"https:\/\/www.mk-med.ch\/wordpress\/wp-content\/uploads\/2021\/10\/Neues-Projekt-25.jpg\" alt=\"Neues Projekt (25)\" itemprop=\"image\" height=\"301\" width=\"400\" title=\"Neues Projekt (25)\" onerror=\"this.style.display='none'\"  \/>\n\t\t\t\t<\/a>\n\t\t\t\t<a href=\"http:\/\/www.redax.it\/\" target=\"_blank\" rel=\"noopener\" itemprop=\"url\">\n\t\t\t\t<img decoding=\"async\" src=\"http:\/\/www.mk-med.ch\/wordpress\/wp-content\/uploads\/2022\/03\/1-SimpleRedline_Covid-1.jpg\" alt=\"1-SimpleRedline_Covid (1)\" itemprop=\"image\" title=\"1-SimpleRedline_Covid (1)\" onerror=\"this.style.display='none'\"  \/>\n\t\t\t\t<\/a>\n\t<h3>REDAX SpA<\/h3>\n<p>Aujourd&#8217;hui, le succ\u00e8s d&#8217;une entreprise est principalement d\u00e9termin\u00e9 par sa capacit\u00e9 \u00e0 innover et \u00e0 s&#8217;am\u00e9liorer pour servir un march\u00e9 en constante \u00e9volution.<\/p>\n<p>Redax combine l&#8217;exp\u00e9rience \u00e0 l&#8217;innovation avec la capacit\u00e9 de cartographier les exigences cliniques gr\u00e2ce \u00e0 une collaboration continue avec les m\u00e9decins, les ing\u00e9nieurs et les leaders d&#8217;opinion. Chez Redax, tout fait l&#8217;objet d&#8217;un travail, du prototype du produit \u00e0 sa commercialisation.<\/p>\n<p>Le d\u00e9partement de recherche et d\u00e9veloppement a mis au point une gamme large et compl\u00e8te de syst\u00e8mes de drainage et continue de proposer de nouvelles solutions qui \u00e9largissent le catalogue de produits Redax. \u00abNous disposons d&#8217;une grande expertise dans le domaine du moulage et de l&#8217;extrusion de silicone. Cela garantit la meilleure qualit\u00e9 du march\u00e9 pour nos syst\u00e8mes de drainage en silicone\u00bb.<\/p>\n\t\t\t\t<a href=\"https:\/\/www.redax.it\/en\/\" target=\"_self\" itemprop=\"url\" rel=\"noopener\">\n\t\t\t\t<img decoding=\"async\" src=\"http:\/\/www.mk-med.ch\/wordpress\/wp-content\/uploads\/2021\/03\/redax-300x79.jpg\" alt=\"Redax Logo\" itemprop=\"image\" title=\"redax\" onerror=\"this.style.display='none'\"  \/>\n\t\t\t\t<\/a>\n\t<h3>Biometrix BV<\/h3>\n<p>Les produits Biometrix Critical Care sont con\u00e7us pour faciliter l&#8217;acc\u00e8s, la mesure et la surveillance des param\u00e8tres vitaux des patients pendant les interventions m\u00e9dicales dans les services de soins intensifs. Le portefeuille de produits complet et diversifi\u00e9 a \u00e9t\u00e9 con\u00e7u pour aider les prestataires de sant\u00e9 \u00e0 fournir des soins efficaces, centr\u00e9s sur le patient et rentables.<\/p>\n\t\t\t\t<a href=\"https:\/\/qmd.net\/biometrix\/\" target=\"_self\" itemprop=\"url\" rel=\"noopener\">\n\t\t\t\t<img decoding=\"async\" src=\"https:\/\/www.mk-med.ch\/wordpress\/wp-content\/uploads\/2021\/03\/biometrix2-1-300x79.jpg\" alt=\"Biometrix\" itemprop=\"image\" height=\"79\" width=\"300\" title=\"biometrix2\" onerror=\"this.style.display='none'\"  \/>\n\t\t\t\t<\/a>\n\t\t\t\t<a href=\"https:\/\/qmd.net\/biometrix\/\" target=\"_blank\" rel=\"noopener\" itemprop=\"url\">\n\t\t\t\t<img decoding=\"async\" src=\"https:\/\/www.mk-med.ch\/wordpress\/wp-content\/uploads\/2021\/10\/Neues-Projekt-27.jpg\" alt=\"Neues Projekt (27)\" itemprop=\"image\" height=\"300\" width=\"400\" title=\"Neues Projekt (27)\" onerror=\"this.style.display='none'\"  \/>\n\t\t\t\t<\/a>\n\t\t\t\t<a href=\"http:\/\/www.airtraq.com\/\" target=\"_blank\" rel=\"noopener\" itemprop=\"url\">\n\t\t\t\t<img decoding=\"async\" src=\"http:\/\/www.mk-med.ch\/wordpress\/wp-content\/uploads\/2021\/10\/Neues-Projekt-28.jpg\" alt=\"Neues Projekt (28)\" itemprop=\"image\" title=\"Neues Projekt (28)\" onerror=\"this.style.display='none'\"  \/>\n\t\t\t\t<\/a>\n\t<h3>Prodol &#8211; AIRTRAQ<\/h3>\n<p>Une protection rapide et efficace des voies respiratoires. Les produits de la soci\u00e9t\u00e9 Prodol Meditec constituent la solution optimale en cas d&#8217;intubation difficile. Le laryngoscope \u00e0 usage unique permet une vision compl\u00e8te des voies respiratoires pendant toute l&#8217;intubation. Il en va de m\u00eame pour le laryngoscope r\u00e9utilisable de forme anatomique. Sa solide cam\u00e9ra WiFi peut \u00eatre connect\u00e9e \u00e0 n&#8217;importe quel Airtraq et la rotation de l&#8217;image permet ici aussi d&#8217;intuber le patient depuis n&#8217;importe quelle position.<\/p>\n\t\t\t\t<a href=\"https:\/\/www.airtraq.com\/\" target=\"_self\" itemprop=\"url\" rel=\"noopener\">\n\t\t\t\t<img decoding=\"async\" src=\"http:\/\/www.mk-med.ch\/wordpress\/wp-content\/uploads\/2021\/03\/AirTrac-300x79.jpg\" alt=\"AirTrac Logo\" itemprop=\"image\" title=\"AirTrac\" onerror=\"this.style.display='none'\"  \/>\n\t\t\t\t<\/a>\n\t<h3>Heine Optotechnik GmbH &amp; Co. KG<\/h3>\n<p>Leader mondial dans la fabrication d&#8217;instruments de diagnostic primaire, HEINE Optotechnik emploie plus de 500 personnes et est une entreprise familiale g\u00e9r\u00e9e \u00e0 100 % par ses propri\u00e9taires depuis plus de 75\u00a0ans. Elle continue \u00e0 d\u00e9velopper et \u00e0 fabriquer des instruments HEINE dans ses installations de production en Allemagne, o\u00f9 elle allie des d\u00e9cennies d&#8217;exp\u00e9rience et d&#8217;artisanat aux technologies de fabrication les plus modernes.<\/p>\n<p>Elle est pr\u00e9sente dans plus de 120 pays \u00e0 travers le monde, avec des bureaux en Australie, aux \u00c9tats-Unis et en Suisse, ainsi que pr\u00e8s de 3 000 repr\u00e9sentants, importateurs et revendeurs sp\u00e9cialis\u00e9s.<\/p>\n\t\t\t\t<a href=\"https:\/\/www.heine.com\/de\/\" target=\"_self\" itemprop=\"url\" rel=\"noopener\">\n\t\t\t\t<img decoding=\"async\" src=\"http:\/\/www.mk-med.ch\/wordpress\/wp-content\/uploads\/2021\/03\/heine-300x79.jpg\" alt=\"Heine Logo\" itemprop=\"image\" title=\"heine\" onerror=\"this.style.display='none'\"  \/>\n\t\t\t\t<\/a>\n\t\t\t\t<a href=\"http:\/\/www.heine.com\/\" target=\"_blank\" rel=\"noopener\" itemprop=\"url\">\n\t\t\t\t<img decoding=\"async\" src=\"http:\/\/www.mk-med.ch\/wordpress\/wp-content\/uploads\/2024\/04\/F-008.22.894.jpg\" alt=\"F-008.22.894\" itemprop=\"image\" title=\"F-008.22.894\" onerror=\"this.style.display='none'\"  \/>\n\t\t\t\t<\/a>\n\n","protected":false},"excerpt":{"rendered":"<p>Anesth\u00e9sie \/ Soins intensifs \/ Salle d&#8217;op\u00e9ration L&#8217;\u00e9quipement m\u00e9dical dans les h\u00f4pitaux et les cliniques est d\u00e9terminant pour que le traitement du patient soit s\u00fbr et r\u00e9ussi. Notre vaste gamme de produits offre un large choix d&#8217;accessoires destin\u00e9s \u00e0 l&#8217;anesth\u00e9sie et \u00e0 la m\u00e9decine intensive. Tubes de fixation endotrach\u00e9aux Sondes d&#8217;intubation et syst\u00e8mes de respiration [&hellip;]<\/p>\n","protected":false},"author":3,"featured_media":0,"parent":0,"menu_order":0,"comment_status":"closed","ping_status":"closed","template":"","meta":{"site-sidebar-layout":"no-sidebar","site-content-layout":"page-builder","ast-site-content-layout":"default","site-content-style":"default","site-sidebar-style":"default","ast-global-header-display":"","ast-banner-title-visibility":"","ast-main-header-display":"","ast-hfb-above-header-display":"","ast-hfb-below-header-display":"","ast-hfb-mobile-header-display":"","site-post-title":"disabled","ast-breadcrumbs-content":"","ast-featured-img":"disabled","footer-sml-layout":"","ast-disable-related-posts":"","theme-transparent-header-meta":"default","adv-header-id-meta":"","stick-header-meta":"default","header-above-stick-meta":"","header-main-stick-meta":"","header-below-stick-meta":"","astra-migrate-meta-layouts":"default","ast-page-background-enabled":"default","ast-page-background-meta":{"desktop":{"background-color":"","background-image":"","background-repeat":"repeat","background-position":"center center","background-size":"auto","background-attachment":"scroll","background-type":"","background-media":"","overlay-type":"","overlay-color":"","overlay-opacity":"","overlay-gradient":""},"tablet":{"background-color":"","background-image":"","background-repeat":"repeat","background-position":"center center","background-size":"auto","background-attachment":"scroll","background-type":"","background-media":"","overlay-type":"","overlay-color":"","overlay-opacity":"","overlay-gradient":""},"mobile":{"background-color":"","background-image":"","background-repeat":"repeat","background-position":"center center","background-size":"auto","background-attachment":"scroll","background-type":"","background-media":"","overlay-type":"","overlay-color":"","overlay-opacity":"","overlay-gradient":""}},"ast-content-background-meta":{"desktop":{"background-color":"var(--ast-global-color-5)","background-image":"","background-repeat":"repeat","background-position":"center center","background-size":"auto","background-attachment":"scroll","background-type":"","background-media":"","overlay-type":"","overlay-color":"","overlay-opacity":"","overlay-gradient":""},"tablet":{"background-color":"var(--ast-global-color-5)","background-image":"","background-repeat":"repeat","background-position":"center center","background-size":"auto","background-attachment":"scroll","background-type":"","background-media":"","overlay-type":"","overlay-color":"","overlay-opacity":"","overlay-gradient":""},"mobile":{"background-color":"var(--ast-global-color-5)","background-image":"","background-repeat":"repeat","background-position":"center center","background-size":"auto","background-attachment":"scroll","background-type":"","background-media":"","overlay-type":"","overlay-color":"","overlay-opacity":"","overlay-gradient":""}},"footnotes":""},"class_list":["post-10520","page","type-page","status-publish","hentry"],"aioseo_notices":[],"_links":{"self":[{"href":"https:\/\/www.mk-med.ch\/fr\/wp-json\/wp\/v2\/pages\/10520","targetHints":{"allow":["GET"]}}],"collection":[{"href":"https:\/\/www.mk-med.ch\/fr\/wp-json\/wp\/v2\/pages"}],"about":[{"href":"https:\/\/www.mk-med.ch\/fr\/wp-json\/wp\/v2\/types\/page"}],"author":[{"embeddable":true,"href":"https:\/\/www.mk-med.ch\/fr\/wp-json\/wp\/v2\/users\/3"}],"replies":[{"embeddable":true,"href":"https:\/\/www.mk-med.ch\/fr\/wp-json\/wp\/v2\/comments?post=10520"}],"version-history":[{"count":5,"href":"https:\/\/www.mk-med.ch\/fr\/wp-json\/wp\/v2\/pages\/10520\/revisions"}],"predecessor-version":[{"id":11558,"href":"https:\/\/www.mk-med.ch\/fr\/wp-json\/wp\/v2\/pages\/10520\/revisions\/11558"}],"wp:attachment":[{"href":"https:\/\/www.mk-med.ch\/fr\/wp-json\/wp\/v2\/media?parent=10520"}],"curies":[{"name":"wp","href":"https:\/\/api.w.org\/{rel}","templated":true}]}}